{"id":668,"date":"2025-07-22T23:27:54","date_gmt":"2025-07-22T21:27:54","guid":{"rendered":"https:\/\/ferencviktoria.eu\/news\/"},"modified":"2025-10-07T09:15:45","modified_gmt":"2025-10-07T07:15:45","slug":"news","status":"publish","type":"page","link":"https:\/\/ferencviktoria.eu\/en\/news\/","title":{"rendered":"News"},"content":{"rendered":"\t\t<div data-elementor-type=\"wp-page\" data-elementor-id=\"668\" class=\"elementor elementor-668 elementor-193\">\n\t\t\t\t\t\t<section class=\"elementor-section elementor-top-section elementor-element elementor-element-5b9cc17f elementor-section-boxed elementor-section-height-default elementor-section-height-default creativo-sticky-disabled\" data-id=\"5b9cc17f\" data-element_type=\"section\" data-settings=\"{&quot;background_background&quot;:&quot;classic&quot;,&quot;enable_creativo_sticky&quot;:&quot;disabled&quot;}\">\n\t\t\t\t\t\t\t<div class=\"elementor-background-overlay\"><\/div>\n\t\t\t\t\t\t\t<div class=\"elementor-container elementor-column-gap-default\">\n\t\t\t\t\t<div class=\"elementor-column elementor-col-100 elementor-top-column elementor-element elementor-element-51fda0af\" data-id=\"51fda0af\" data-element_type=\"column\">\n\t\t\t<div class=\"elementor-widget-wrap elementor-element-populated\">\n\t\t\t\t\t\t<div class=\"elementor-element elementor-element-4c8dfe72 elementor-widget elementor-widget-heading\" data-id=\"4c8dfe72\" data-element_type=\"widget\" data-widget_type=\"heading.default\">\n\t\t\t\t\t<h2 class=\"elementor-heading-title elementor-size-default\">News<\/h2>\t\t\t\t<\/div>\n\t\t\t\t\t<\/div>\n\t\t<\/div>\n\t\t\t\t\t<\/div>\n\t\t<\/section>\n\t\t\t\t<section class=\"elementor-section elementor-top-section elementor-element elementor-element-5d6ab774 elementor-section-boxed elementor-section-height-default elementor-section-height-default creativo-sticky-disabled\" data-id=\"5d6ab774\" data-element_type=\"section\" data-settings=\"{&quot;enable_creativo_sticky&quot;:&quot;disabled&quot;}\">\n\t\t\t\t\t\t<div class=\"elementor-container elementor-column-gap-default\">\n\t\t\t\t\t<div class=\"elementor-column elementor-col-100 elementor-top-column elementor-element elementor-element-3d36888d\" data-id=\"3d36888d\" data-element_type=\"column\">\n\t\t\t<div class=\"elementor-widget-wrap elementor-element-populated\">\n\t\t\t\t\t\t<div class=\"elementor-element elementor-element-2d51c4cd elementor-widget elementor-widget-creativo_post_grid\" data-id=\"2d51c4cd\" data-element_type=\"widget\" data-widget_type=\"creativo_post_grid.default\">\n\t\t\t\t<div class=\"elementor-widget-container\">\n\t\t\t\t\t\t\t<div class=\"creativo-elements-archive\">\r\n\t\t\t<section class=\"cr-el-archive-wrap\">\r\n\t\t\t\t<div class=\"cr-el-archive-items grid grid-cols-1 md:grid-cols-2 lg:grid-cols-4 gap-8\">\r\n\t\t\t\t\t\t\t\t\t\t\t\t<div class=\"creativo-blogpost relative\">\r\n\t\t\t\t\t\t\t\t<div class=\"cr-post-content cr-content-body\">\r\n\t\t\t\t\t\t\t\t\t\t\t<div data-elementor-type=\"wp-post\" data-elementor-id=\"359\" class=\"elementor elementor-359\">\n\t\t\t\t\t\t<section class=\"elementor-section elementor-top-section elementor-element elementor-element-6baa88d elementor-section-boxed elementor-section-height-default elementor-section-height-default creativo-sticky-disabled\" data-id=\"6baa88d\" data-element_type=\"section\" data-settings=\"{&quot;enable_creativo_sticky&quot;:&quot;disabled&quot;}\">\n\t\t\t\t\t\t<div class=\"elementor-container elementor-column-gap-default\">\n\t\t\t\t\t<div class=\"elementor-column elementor-col-100 elementor-top-column elementor-element elementor-element-03f78de\" data-id=\"03f78de\" data-element_type=\"column\">\n\t\t\t<div class=\"elementor-widget-wrap elementor-element-populated\">\n\t\t\t\t\t\t<section class=\"elementor-section elementor-inner-section elementor-element elementor-element-ceac1f2 elementor-section-boxed elementor-section-height-default elementor-section-height-default creativo-sticky-disabled\" data-id=\"ceac1f2\" data-element_type=\"section\" data-settings=\"{&quot;enable_creativo_sticky&quot;:&quot;disabled&quot;}\">\n\t\t\t\t\t\t<div class=\"elementor-container elementor-column-gap-default\">\n\t\t\t\t\t<div class=\"elementor-column elementor-col-100 elementor-inner-column elementor-element elementor-element-f429089\" data-id=\"f429089\" data-element_type=\"column\">\n\t\t\t<div class=\"elementor-widget-wrap elementor-element-populated\">\n\t\t\t\t\t\t<div class=\"elementor-element elementor-element-6bb5623 elementor-widget__width-auto elementor-absolute cats cr-title-align-left elementor-widget elementor-widget-creativo_post_categories\" data-id=\"6bb5623\" data-element_type=\"widget\" data-settings=\"{&quot;_position&quot;:&quot;absolute&quot;}\" data-widget_type=\"creativo_post_categories.default\">\n\t\t\t\t<div class=\"elementor-widget-container\">\n\t\t\t\t\t\t\t<div class=\"creativo-elements-post-categories\">\r\n\t\t\t<div class=\"post-categories flex items-center transition-all duration-300\">\r\n\t\t\t\t\t\t\t\t<span class=\"cr-post-categories-text\">\r\n\t\t\t\t\t<a href=\"https:\/\/ferencviktoria.eu\/en\/category\/news\/public-health\/\"title=\"View all posts in Public health\">Public health<\/a>\t\t\t\t<\/span>\r\n\t\t\t<\/div>\r\n\t\t<\/div>\r\n\t\t\t\t\t\t<\/div>\n\t\t\t\t<\/div>\n\t\t\t\t<div class=\"elementor-element elementor-element-52435b2 cr-fi-arrows-pos-middle elementor-widget elementor-widget-creativo_featured_image\" data-id=\"52435b2\" data-element_type=\"widget\" data-widget_type=\"creativo_featured_image.default\">\n\t\t\t\t<div class=\"elementor-widget-container\">\n\t\t\t\t\t\t\t\t<div class=\"creativo-elements-featured-image\">\r\n\t\t\t\t<div class=\"flex flex-col\">\r\n\t\t\t\t\t<div class=\"cr-featured-image-carousel\">\r\n\t\t\t\t\t\t<div class=\"cr-no-owl-carousel\" data-autoplay-en=\"true\" data-autoplay=\"700\" data-timeout=\"5000\" data-visible-items=\"1\" data-navigation=\"yes\" data-loop=\"true\" data-autoheight=\"true\" data-navi-type=\"arrows\" data-0=\"1\" data-768=\"1\" data-items-margin=\"0\">\t\t\t\t\r\n\t\t\t\t\t\t\t<div class=\"cr-featured-img\"><a href=\"https:\/\/ferencviktoria.eu\/en\/world-mental-health-day-let-there-be-peace\/\" class=\"cr-no-popup\"><img fetchpriority=\"high\" decoding=\"async\" width=\"994\" height=\"570\" src=\"https:\/\/ferencviktoria.eu\/wp-content\/uploads\/2025\/09\/1743667664125-20250403-ep-182586a-ar2-eg-071.png\" class=\"w-full wp-post-image\" alt=\"Vikt\u00f3ria  Ferenc\" srcset=\"https:\/\/ferencviktoria.eu\/wp-content\/uploads\/2025\/09\/1743667664125-20250403-ep-182586a-ar2-eg-071.png 994w, https:\/\/ferencviktoria.eu\/wp-content\/uploads\/2025\/09\/1743667664125-20250403-ep-182586a-ar2-eg-071-300x172.png 300w\" sizes=\"(max-width: 994px) 100vw, 994px\" \/><\/a><\/div>\t\t\t\t\t\t<\/div>\t\t\t\t\t\r\n\t\t\t\t\t<\/div>\r\n\t\t\t\t<\/div>\r\n\t\t\t<\/div>\r\n\t\t\t\t\t\t<\/div>\n\t\t\t\t<\/div>\n\t\t\t\t\t<\/div>\n\t\t<\/div>\n\t\t\t\t\t<\/div>\n\t\t<\/section>\n\t\t\t\t<div class=\"elementor-element elementor-element-0b45b41 cr-title-align-left elementor-widget elementor-widget-creativo_post_title\" data-id=\"0b45b41\" data-element_type=\"widget\" data-widget_type=\"creativo_post_title.default\">\n\t\t\t\t<div class=\"elementor-widget-container\">\n\t\t\t\t\t\t\t<div class=\"creativo-elements-post-title\">\r\n\t\t\t<a href=\"https:\/\/ferencviktoria.eu\/en\/world-mental-health-day-let-there-be-peace\/\" class=\"post-read-more\">\t\t\t\t<h2 class=\"cr-text mb-0\">\r\n\t\t\t\t\tWorld Mental Health Day: Let There Be Peace!\t\t\t\t<\/h2>\r\n\t\t\t<\/a>\t\t<\/div>\r\n\t\t\t\t\t\t<\/div>\n\t\t\t\t<\/div>\n\t\t\t\t<div class=\"elementor-element elementor-element-4675ac4 cr-title-align-left elementor-widget elementor-widget-creativo_post_date\" data-id=\"4675ac4\" data-element_type=\"widget\" data-widget_type=\"creativo_post_date.default\">\n\t\t\t\t<div class=\"elementor-widget-container\">\n\t\t\t\t\t\t\t<div class=\"creativo-elements-post-date\">\r\n\t\t\t<div class=\"post-date flex items-center transition-all duration-300\">\r\n\t\t\t\t\t\t\t\t<span class=\"cr-post-date-text\">\r\n\t\t\t\t\t2024. October 10.\t\t\t\t<\/span>\r\n\t\t\t<\/div>\r\n\t\t<\/div>\r\n\t\t\t\t\t\t<\/div>\n\t\t\t\t<\/div>\n\t\t\t\t<div class=\"elementor-element elementor-element-cfebf45 cr-title-align-left elementor-widget elementor-widget-creativo_post_excerpt\" data-id=\"cfebf45\" data-element_type=\"widget\" data-widget_type=\"creativo_post_excerpt.default\">\n\t\t\t\t<div class=\"elementor-widget-container\">\n\t\t\t\t\t\t\t<div class=\"creativo-elements-post-excerpt inline-block\">\r\n\t\t\t<div class=\"post-excerpt inline-block\">\r\n\t\t\t\tOn the occasion of World Mental Health Day, Members of the European Parliament today debated the current situation within the...\t\t\t<\/div>\r\n\t\t<\/div>\r\n\t\t\t\t\t\t<\/div>\n\t\t\t\t<\/div>\n\t\t\t\t\t<\/div>\n\t\t<\/div>\n\t\t\t\t\t<\/div>\n\t\t<\/section>\n\t\t\t\t<\/div>\n\t\t\t\t\t\t\t\t\t\t<\/div>\r\n\t\t\t\t\t\t\t<\/div>\r\n\t\t\t\t\t\t\t\t\t\t\t\t\t\t<div class=\"creativo-blogpost relative\">\r\n\t\t\t\t\t\t\t\t<div class=\"cr-post-content cr-content-body\">\r\n\t\t\t\t\t\t\t\t\t\t\t<div data-elementor-type=\"wp-post\" data-elementor-id=\"359\" class=\"elementor elementor-359\">\n\t\t\t\t\t\t<section class=\"elementor-section elementor-top-section elementor-element elementor-element-6baa88d elementor-section-boxed elementor-section-height-default elementor-section-height-default creativo-sticky-disabled\" data-id=\"6baa88d\" data-element_type=\"section\" data-settings=\"{&quot;enable_creativo_sticky&quot;:&quot;disabled&quot;}\">\n\t\t\t\t\t\t<div class=\"elementor-container elementor-column-gap-default\">\n\t\t\t\t\t<div class=\"elementor-column elementor-col-100 elementor-top-column elementor-element elementor-element-03f78de\" data-id=\"03f78de\" data-element_type=\"column\">\n\t\t\t<div class=\"elementor-widget-wrap elementor-element-populated\">\n\t\t\t\t\t\t<section class=\"elementor-section elementor-inner-section elementor-element elementor-element-ceac1f2 elementor-section-boxed elementor-section-height-default elementor-section-height-default creativo-sticky-disabled\" data-id=\"ceac1f2\" data-element_type=\"section\" data-settings=\"{&quot;enable_creativo_sticky&quot;:&quot;disabled&quot;}\">\n\t\t\t\t\t\t<div class=\"elementor-container elementor-column-gap-default\">\n\t\t\t\t\t<div class=\"elementor-column elementor-col-100 elementor-inner-column elementor-element elementor-element-f429089\" data-id=\"f429089\" data-element_type=\"column\">\n\t\t\t<div class=\"elementor-widget-wrap elementor-element-populated\">\n\t\t\t\t\t\t<div class=\"elementor-element elementor-element-6bb5623 elementor-widget__width-auto elementor-absolute cats cr-title-align-left elementor-widget elementor-widget-creativo_post_categories\" data-id=\"6bb5623\" data-element_type=\"widget\" data-settings=\"{&quot;_position&quot;:&quot;absolute&quot;}\" data-widget_type=\"creativo_post_categories.default\">\n\t\t\t\t<div class=\"elementor-widget-container\">\n\t\t\t\t\t\t\t<div class=\"creativo-elements-post-categories\">\r\n\t\t\t<div class=\"post-categories flex items-center transition-all duration-300\">\r\n\t\t\t\t\t\t\t\t<span class=\"cr-post-categories-text\">\r\n\t\t\t\t\t<a href=\"https:\/\/ferencviktoria.eu\/en\/category\/news\/hungarians-in-transcarpathia\/\"title=\"View all posts in Hungarians in Transcarpathia\">Hungarians in Transcarpathia<\/a>\t\t\t\t<\/span>\r\n\t\t\t<\/div>\r\n\t\t<\/div>\r\n\t\t\t\t\t\t<\/div>\n\t\t\t\t<\/div>\n\t\t\t\t<div class=\"elementor-element elementor-element-52435b2 cr-fi-arrows-pos-middle elementor-widget elementor-widget-creativo_featured_image\" data-id=\"52435b2\" data-element_type=\"widget\" data-widget_type=\"creativo_featured_image.default\">\n\t\t\t\t<div class=\"elementor-widget-container\">\n\t\t\t\t\t\t\t\t<div class=\"creativo-elements-featured-image\">\r\n\t\t\t\t<div class=\"flex flex-col\">\r\n\t\t\t\t\t<div class=\"cr-featured-image-carousel\">\r\n\t\t\t\t\t\t<div class=\"cr-no-owl-carousel\" data-autoplay-en=\"true\" data-autoplay=\"700\" data-timeout=\"5000\" data-visible-items=\"1\" data-navigation=\"yes\" data-loop=\"true\" data-autoheight=\"true\" data-navi-type=\"arrows\" data-0=\"1\" data-768=\"1\" data-items-margin=\"0\">\t\t\t\t\r\n\t\t\t\t\t\t\t<div class=\"cr-featured-img\"><a href=\"https:\/\/ferencviktoria.eu\/en\/brussels-turns-a-blind-eye-to-legal-violations-in-ukraine\/\" class=\"cr-no-popup\"><img decoding=\"async\" width=\"994\" height=\"570\" src=\"https:\/\/ferencviktoria.eu\/wp-content\/uploads\/2026\/03\/20260311-ep-201153a-jba-0031-994x570-1.jpg\" class=\"w-full wp-post-image\" alt=\"Viktoria FERENC in the EP in Strasbourg\" srcset=\"https:\/\/ferencviktoria.eu\/wp-content\/uploads\/2026\/03\/20260311-ep-201153a-jba-0031-994x570-1.jpg 994w, https:\/\/ferencviktoria.eu\/wp-content\/uploads\/2026\/03\/20260311-ep-201153a-jba-0031-994x570-1-300x172.jpg 300w\" sizes=\"(max-width: 994px) 100vw, 994px\" \/><\/a><\/div>\t\t\t\t\t\t<\/div>\t\t\t\t\t\r\n\t\t\t\t\t<\/div>\r\n\t\t\t\t<\/div>\r\n\t\t\t<\/div>\r\n\t\t\t\t\t\t<\/div>\n\t\t\t\t<\/div>\n\t\t\t\t\t<\/div>\n\t\t<\/div>\n\t\t\t\t\t<\/div>\n\t\t<\/section>\n\t\t\t\t<div class=\"elementor-element elementor-element-0b45b41 cr-title-align-left elementor-widget elementor-widget-creativo_post_title\" data-id=\"0b45b41\" data-element_type=\"widget\" data-widget_type=\"creativo_post_title.default\">\n\t\t\t\t<div class=\"elementor-widget-container\">\n\t\t\t\t\t\t\t<div class=\"creativo-elements-post-title\">\r\n\t\t\t<a href=\"https:\/\/ferencviktoria.eu\/en\/brussels-turns-a-blind-eye-to-legal-violations-in-ukraine\/\" class=\"post-read-more\">\t\t\t\t<h2 class=\"cr-text mb-0\">\r\n\t\t\t\t\tBrussels Turns a Blind Eye to Legal Violations in Ukraine\t\t\t\t<\/h2>\r\n\t\t\t<\/a>\t\t<\/div>\r\n\t\t\t\t\t\t<\/div>\n\t\t\t\t<\/div>\n\t\t\t\t<div class=\"elementor-element elementor-element-4675ac4 cr-title-align-left elementor-widget elementor-widget-creativo_post_date\" data-id=\"4675ac4\" data-element_type=\"widget\" data-widget_type=\"creativo_post_date.default\">\n\t\t\t\t<div class=\"elementor-widget-container\">\n\t\t\t\t\t\t\t<div class=\"creativo-elements-post-date\">\r\n\t\t\t<div class=\"post-date flex items-center transition-all duration-300\">\r\n\t\t\t\t\t\t\t\t<span class=\"cr-post-date-text\">\r\n\t\t\t\t\t2026. March 18.\t\t\t\t<\/span>\r\n\t\t\t<\/div>\r\n\t\t<\/div>\r\n\t\t\t\t\t\t<\/div>\n\t\t\t\t<\/div>\n\t\t\t\t<div class=\"elementor-element elementor-element-cfebf45 cr-title-align-left elementor-widget elementor-widget-creativo_post_excerpt\" data-id=\"cfebf45\" data-element_type=\"widget\" data-widget_type=\"creativo_post_excerpt.default\">\n\t\t\t\t<div class=\"elementor-widget-container\">\n\t\t\t\t\t\t\t<div class=\"creativo-elements-post-excerpt inline-block\">\r\n\t\t\t<div class=\"post-excerpt inline-block\">\r\n\t\t\t\tMembers of the European Parliament held an exchange of views with High Representative Kaja Kallas on the European Commission\u2019s work...\t\t\t<\/div>\r\n\t\t<\/div>\r\n\t\t\t\t\t\t<\/div>\n\t\t\t\t<\/div>\n\t\t\t\t\t<\/div>\n\t\t<\/div>\n\t\t\t\t\t<\/div>\n\t\t<\/section>\n\t\t\t\t<\/div>\n\t\t\t\t\t\t\t\t\t\t<\/div>\r\n\t\t\t\t\t\t\t<\/div>\r\n\t\t\t\t\t\t\t\t\t\t\t\t\t\t<div class=\"creativo-blogpost relative\">\r\n\t\t\t\t\t\t\t\t<div class=\"cr-post-content cr-content-body\">\r\n\t\t\t\t\t\t\t\t\t\t\t<div data-elementor-type=\"wp-post\" data-elementor-id=\"359\" class=\"elementor elementor-359\">\n\t\t\t\t\t\t<section class=\"elementor-section elementor-top-section elementor-element elementor-element-6baa88d elementor-section-boxed elementor-section-height-default elementor-section-height-default creativo-sticky-disabled\" data-id=\"6baa88d\" data-element_type=\"section\" data-settings=\"{&quot;enable_creativo_sticky&quot;:&quot;disabled&quot;}\">\n\t\t\t\t\t\t<div class=\"elementor-container elementor-column-gap-default\">\n\t\t\t\t\t<div class=\"elementor-column elementor-col-100 elementor-top-column elementor-element elementor-element-03f78de\" data-id=\"03f78de\" data-element_type=\"column\">\n\t\t\t<div class=\"elementor-widget-wrap elementor-element-populated\">\n\t\t\t\t\t\t<section class=\"elementor-section elementor-inner-section elementor-element elementor-element-ceac1f2 elementor-section-boxed elementor-section-height-default elementor-section-height-default creativo-sticky-disabled\" data-id=\"ceac1f2\" data-element_type=\"section\" data-settings=\"{&quot;enable_creativo_sticky&quot;:&quot;disabled&quot;}\">\n\t\t\t\t\t\t<div class=\"elementor-container elementor-column-gap-default\">\n\t\t\t\t\t<div class=\"elementor-column elementor-col-100 elementor-inner-column elementor-element elementor-element-f429089\" data-id=\"f429089\" data-element_type=\"column\">\n\t\t\t<div class=\"elementor-widget-wrap elementor-element-populated\">\n\t\t\t\t\t\t<div class=\"elementor-element elementor-element-6bb5623 elementor-widget__width-auto elementor-absolute cats cr-title-align-left elementor-widget elementor-widget-creativo_post_categories\" data-id=\"6bb5623\" data-element_type=\"widget\" data-settings=\"{&quot;_position&quot;:&quot;absolute&quot;}\" data-widget_type=\"creativo_post_categories.default\">\n\t\t\t\t<div class=\"elementor-widget-container\">\n\t\t\t\t\t\t\t<div class=\"creativo-elements-post-categories\">\r\n\t\t\t<div class=\"post-categories flex items-center transition-all duration-300\">\r\n\t\t\t\t\t\t\t\t<span class=\"cr-post-categories-text\">\r\n\t\t\t\t\t<a href=\"https:\/\/ferencviktoria.eu\/en\/category\/news\/war-in-ukraine\/\"title=\"View all posts in War in Ukraine\">War in Ukraine<\/a>\t\t\t\t<\/span>\r\n\t\t\t<\/div>\r\n\t\t<\/div>\r\n\t\t\t\t\t\t<\/div>\n\t\t\t\t<\/div>\n\t\t\t\t<div class=\"elementor-element elementor-element-52435b2 cr-fi-arrows-pos-middle elementor-widget elementor-widget-creativo_featured_image\" data-id=\"52435b2\" data-element_type=\"widget\" data-widget_type=\"creativo_featured_image.default\">\n\t\t\t\t<div class=\"elementor-widget-container\">\n\t\t\t\t\t\t\t\t<div class=\"creativo-elements-featured-image\">\r\n\t\t\t\t<div class=\"flex flex-col\">\r\n\t\t\t\t\t<div class=\"cr-featured-image-carousel\">\r\n\t\t\t\t\t\t<div class=\"cr-no-owl-carousel\" data-autoplay-en=\"true\" data-autoplay=\"700\" data-timeout=\"5000\" data-visible-items=\"1\" data-navigation=\"yes\" data-loop=\"true\" data-autoheight=\"true\" data-navi-type=\"arrows\" data-0=\"1\" data-768=\"1\" data-items-margin=\"0\">\t\t\t\t\r\n\t\t\t\t\t\t\t<div class=\"cr-featured-img\"><a href=\"https:\/\/ferencviktoria.eu\/en\/peace-is-the-only-solution-to-ukraines-humanitarian-crisis\/\" class=\"cr-no-popup\"><img decoding=\"async\" width=\"994\" height=\"570\" src=\"https:\/\/ferencviktoria.eu\/wp-content\/uploads\/2026\/02\/20260210-ep-199168l-ar2-mc-0018-994x570-1.jpg\" class=\"w-full wp-post-image\" alt=\"Ferenc Vikt\u00f3ria\" srcset=\"https:\/\/ferencviktoria.eu\/wp-content\/uploads\/2026\/02\/20260210-ep-199168l-ar2-mc-0018-994x570-1.jpg 994w, https:\/\/ferencviktoria.eu\/wp-content\/uploads\/2026\/02\/20260210-ep-199168l-ar2-mc-0018-994x570-1-300x172.jpg 300w\" sizes=\"(max-width: 994px) 100vw, 994px\" \/><\/a><\/div>\t\t\t\t\t\t<\/div>\t\t\t\t\t\r\n\t\t\t\t\t<\/div>\r\n\t\t\t\t<\/div>\r\n\t\t\t<\/div>\r\n\t\t\t\t\t\t<\/div>\n\t\t\t\t<\/div>\n\t\t\t\t\t<\/div>\n\t\t<\/div>\n\t\t\t\t\t<\/div>\n\t\t<\/section>\n\t\t\t\t<div class=\"elementor-element elementor-element-0b45b41 cr-title-align-left elementor-widget elementor-widget-creativo_post_title\" data-id=\"0b45b41\" data-element_type=\"widget\" data-widget_type=\"creativo_post_title.default\">\n\t\t\t\t<div class=\"elementor-widget-container\">\n\t\t\t\t\t\t\t<div class=\"creativo-elements-post-title\">\r\n\t\t\t<a href=\"https:\/\/ferencviktoria.eu\/en\/peace-is-the-only-solution-to-ukraines-humanitarian-crisis\/\" class=\"post-read-more\">\t\t\t\t<h2 class=\"cr-text mb-0\">\r\n\t\t\t\t\tPeace Is the Only Solution to Ukraine\u2019s Humanitarian Crisis\t\t\t\t<\/h2>\r\n\t\t\t<\/a>\t\t<\/div>\r\n\t\t\t\t\t\t<\/div>\n\t\t\t\t<\/div>\n\t\t\t\t<div class=\"elementor-element elementor-element-4675ac4 cr-title-align-left elementor-widget elementor-widget-creativo_post_date\" data-id=\"4675ac4\" data-element_type=\"widget\" data-widget_type=\"creativo_post_date.default\">\n\t\t\t\t<div class=\"elementor-widget-container\">\n\t\t\t\t\t\t\t<div class=\"creativo-elements-post-date\">\r\n\t\t\t<div class=\"post-date flex items-center transition-all duration-300\">\r\n\t\t\t\t\t\t\t\t<span class=\"cr-post-date-text\">\r\n\t\t\t\t\t2026. February 11.\t\t\t\t<\/span>\r\n\t\t\t<\/div>\r\n\t\t<\/div>\r\n\t\t\t\t\t\t<\/div>\n\t\t\t\t<\/div>\n\t\t\t\t<div class=\"elementor-element elementor-element-cfebf45 cr-title-align-left elementor-widget elementor-widget-creativo_post_excerpt\" data-id=\"cfebf45\" data-element_type=\"widget\" data-widget_type=\"creativo_post_excerpt.default\">\n\t\t\t\t<div class=\"elementor-widget-container\">\n\t\t\t\t\t\t\t<div class=\"creativo-elements-post-excerpt inline-block\">\r\n\t\t\t<div class=\"post-excerpt inline-block\">\r\n\t\t\t\tOn Tuesday, the European Parliament held a plenary debate on the humanitarian crisis in Ukraine caused by the ongoing war....\t\t\t<\/div>\r\n\t\t<\/div>\r\n\t\t\t\t\t\t<\/div>\n\t\t\t\t<\/div>\n\t\t\t\t\t<\/div>\n\t\t<\/div>\n\t\t\t\t\t<\/div>\n\t\t<\/section>\n\t\t\t\t<\/div>\n\t\t\t\t\t\t\t\t\t\t<\/div>\r\n\t\t\t\t\t\t\t<\/div>\r\n\t\t\t\t\t\t\t\t\t\t\t\t\t\t<div class=\"creativo-blogpost relative\">\r\n\t\t\t\t\t\t\t\t<div class=\"cr-post-content cr-content-body\">\r\n\t\t\t\t\t\t\t\t\t\t\t<div data-elementor-type=\"wp-post\" data-elementor-id=\"359\" class=\"elementor elementor-359\">\n\t\t\t\t\t\t<section class=\"elementor-section elementor-top-section elementor-element elementor-element-6baa88d elementor-section-boxed elementor-section-height-default elementor-section-height-default creativo-sticky-disabled\" data-id=\"6baa88d\" data-element_type=\"section\" data-settings=\"{&quot;enable_creativo_sticky&quot;:&quot;disabled&quot;}\">\n\t\t\t\t\t\t<div class=\"elementor-container elementor-column-gap-default\">\n\t\t\t\t\t<div class=\"elementor-column elementor-col-100 elementor-top-column elementor-element elementor-element-03f78de\" data-id=\"03f78de\" data-element_type=\"column\">\n\t\t\t<div class=\"elementor-widget-wrap elementor-element-populated\">\n\t\t\t\t\t\t<section class=\"elementor-section elementor-inner-section elementor-element elementor-element-ceac1f2 elementor-section-boxed elementor-section-height-default elementor-section-height-default creativo-sticky-disabled\" data-id=\"ceac1f2\" data-element_type=\"section\" data-settings=\"{&quot;enable_creativo_sticky&quot;:&quot;disabled&quot;}\">\n\t\t\t\t\t\t<div class=\"elementor-container elementor-column-gap-default\">\n\t\t\t\t\t<div class=\"elementor-column elementor-col-100 elementor-inner-column elementor-element elementor-element-f429089\" data-id=\"f429089\" data-element_type=\"column\">\n\t\t\t<div class=\"elementor-widget-wrap elementor-element-populated\">\n\t\t\t\t\t\t<div class=\"elementor-element elementor-element-6bb5623 elementor-widget__width-auto elementor-absolute cats cr-title-align-left elementor-widget elementor-widget-creativo_post_categories\" data-id=\"6bb5623\" data-element_type=\"widget\" data-settings=\"{&quot;_position&quot;:&quot;absolute&quot;}\" data-widget_type=\"creativo_post_categories.default\">\n\t\t\t\t<div class=\"elementor-widget-container\">\n\t\t\t\t\t\t\t<div class=\"creativo-elements-post-categories\">\r\n\t\t\t<div class=\"post-categories flex items-center transition-all duration-300\">\r\n\t\t\t\t\t\t\t\t<span class=\"cr-post-categories-text\">\r\n\t\t\t\t\t<a href=\"https:\/\/ferencviktoria.eu\/en\/category\/news\/environmental-protection\/\"title=\"View all posts in Environmental protection\">Environmental protection<\/a>\t\t\t\t<\/span>\r\n\t\t\t<\/div>\r\n\t\t<\/div>\r\n\t\t\t\t\t\t<\/div>\n\t\t\t\t<\/div>\n\t\t\t\t<div class=\"elementor-element elementor-element-52435b2 cr-fi-arrows-pos-middle elementor-widget elementor-widget-creativo_featured_image\" data-id=\"52435b2\" data-element_type=\"widget\" data-widget_type=\"creativo_featured_image.default\">\n\t\t\t\t<div class=\"elementor-widget-container\">\n\t\t\t\t\t\t\t\t<div class=\"creativo-elements-featured-image\">\r\n\t\t\t\t<div class=\"flex flex-col\">\r\n\t\t\t\t\t<div class=\"cr-featured-image-carousel\">\r\n\t\t\t\t\t\t<div class=\"cr-no-owl-carousel\" data-autoplay-en=\"true\" data-autoplay=\"700\" data-timeout=\"5000\" data-visible-items=\"1\" data-navigation=\"yes\" data-loop=\"true\" data-autoheight=\"true\" data-navi-type=\"arrows\" data-0=\"1\" data-768=\"1\" data-items-margin=\"0\">\t\t\t\t\r\n\t\t\t\t\t\t\t<div class=\"cr-featured-img\"><a href=\"https:\/\/ferencviktoria.eu\/en\/the-tisza-linked-european-peoples-partys-climate-policy-undermines-competitiveness\/\" class=\"cr-no-popup\"><img loading=\"lazy\" decoding=\"async\" width=\"994\" height=\"570\" src=\"https:\/\/ferencviktoria.eu\/wp-content\/uploads\/2026\/02\/20251210-ep-196092a-de2-1267-1-994x570-1.jpg\" class=\"w-full wp-post-image\" alt=\"Ferenc Vikt\u00f3ria\" srcset=\"https:\/\/ferencviktoria.eu\/wp-content\/uploads\/2026\/02\/20251210-ep-196092a-de2-1267-1-994x570-1.jpg 994w, https:\/\/ferencviktoria.eu\/wp-content\/uploads\/2026\/02\/20251210-ep-196092a-de2-1267-1-994x570-1-300x172.jpg 300w\" sizes=\"(max-width: 994px) 100vw, 994px\" \/><\/a><\/div>\t\t\t\t\t\t<\/div>\t\t\t\t\t\r\n\t\t\t\t\t<\/div>\r\n\t\t\t\t<\/div>\r\n\t\t\t<\/div>\r\n\t\t\t\t\t\t<\/div>\n\t\t\t\t<\/div>\n\t\t\t\t\t<\/div>\n\t\t<\/div>\n\t\t\t\t\t<\/div>\n\t\t<\/section>\n\t\t\t\t<div class=\"elementor-element elementor-element-0b45b41 cr-title-align-left elementor-widget elementor-widget-creativo_post_title\" data-id=\"0b45b41\" data-element_type=\"widget\" data-widget_type=\"creativo_post_title.default\">\n\t\t\t\t<div class=\"elementor-widget-container\">\n\t\t\t\t\t\t\t<div class=\"creativo-elements-post-title\">\r\n\t\t\t<a href=\"https:\/\/ferencviktoria.eu\/en\/the-tisza-linked-european-peoples-partys-climate-policy-undermines-competitiveness\/\" class=\"post-read-more\">\t\t\t\t<h2 class=\"cr-text mb-0\">\r\n\t\t\t\t\tThe Tisza-linked European People\u2019s Party\u2019s climate policy undermines competitiveness\t\t\t\t<\/h2>\r\n\t\t\t<\/a>\t\t<\/div>\r\n\t\t\t\t\t\t<\/div>\n\t\t\t\t<\/div>\n\t\t\t\t<div class=\"elementor-element elementor-element-4675ac4 cr-title-align-left elementor-widget elementor-widget-creativo_post_date\" data-id=\"4675ac4\" data-element_type=\"widget\" data-widget_type=\"creativo_post_date.default\">\n\t\t\t\t<div class=\"elementor-widget-container\">\n\t\t\t\t\t\t\t<div class=\"creativo-elements-post-date\">\r\n\t\t\t<div class=\"post-date flex items-center transition-all duration-300\">\r\n\t\t\t\t\t\t\t\t<span class=\"cr-post-date-text\">\r\n\t\t\t\t\t2026. February 11.\t\t\t\t<\/span>\r\n\t\t\t<\/div>\r\n\t\t<\/div>\r\n\t\t\t\t\t\t<\/div>\n\t\t\t\t<\/div>\n\t\t\t\t<div class=\"elementor-element elementor-element-cfebf45 cr-title-align-left elementor-widget elementor-widget-creativo_post_excerpt\" data-id=\"cfebf45\" data-element_type=\"widget\" data-widget_type=\"creativo_post_excerpt.default\">\n\t\t\t\t<div class=\"elementor-widget-container\">\n\t\t\t\t\t\t\t<div class=\"creativo-elements-post-excerpt inline-block\">\r\n\t\t\t<div class=\"post-excerpt inline-block\">\r\n\t\t\t\tOn Tuesday, the European Parliament adopted the amendment to the EU Climate Law, setting a new, legally binding 90% emissions-reduction...\t\t\t<\/div>\r\n\t\t<\/div>\r\n\t\t\t\t\t\t<\/div>\n\t\t\t\t<\/div>\n\t\t\t\t\t<\/div>\n\t\t<\/div>\n\t\t\t\t\t<\/div>\n\t\t<\/section>\n\t\t\t\t<\/div>\n\t\t\t\t\t\t\t\t\t\t<\/div>\r\n\t\t\t\t\t\t\t<\/div>\r\n\t\t\t\t\t\t\t\t\t\t\t\t\t\t<div class=\"creativo-blogpost relative\">\r\n\t\t\t\t\t\t\t\t<div class=\"cr-post-content cr-content-body\">\r\n\t\t\t\t\t\t\t\t\t\t\t<div data-elementor-type=\"wp-post\" data-elementor-id=\"359\" class=\"elementor elementor-359\">\n\t\t\t\t\t\t<section class=\"elementor-section elementor-top-section elementor-element elementor-element-6baa88d elementor-section-boxed elementor-section-height-default elementor-section-height-default creativo-sticky-disabled\" data-id=\"6baa88d\" data-element_type=\"section\" data-settings=\"{&quot;enable_creativo_sticky&quot;:&quot;disabled&quot;}\">\n\t\t\t\t\t\t<div class=\"elementor-container elementor-column-gap-default\">\n\t\t\t\t\t<div class=\"elementor-column elementor-col-100 elementor-top-column elementor-element elementor-element-03f78de\" data-id=\"03f78de\" data-element_type=\"column\">\n\t\t\t<div class=\"elementor-widget-wrap elementor-element-populated\">\n\t\t\t\t\t\t<section class=\"elementor-section elementor-inner-section elementor-element elementor-element-ceac1f2 elementor-section-boxed elementor-section-height-default elementor-section-height-default creativo-sticky-disabled\" data-id=\"ceac1f2\" data-element_type=\"section\" data-settings=\"{&quot;enable_creativo_sticky&quot;:&quot;disabled&quot;}\">\n\t\t\t\t\t\t<div class=\"elementor-container elementor-column-gap-default\">\n\t\t\t\t\t<div class=\"elementor-column elementor-col-100 elementor-inner-column elementor-element elementor-element-f429089\" data-id=\"f429089\" data-element_type=\"column\">\n\t\t\t<div class=\"elementor-widget-wrap elementor-element-populated\">\n\t\t\t\t\t\t<div class=\"elementor-element elementor-element-6bb5623 elementor-widget__width-auto elementor-absolute cats cr-title-align-left elementor-widget elementor-widget-creativo_post_categories\" data-id=\"6bb5623\" data-element_type=\"widget\" data-settings=\"{&quot;_position&quot;:&quot;absolute&quot;}\" data-widget_type=\"creativo_post_categories.default\">\n\t\t\t\t<div class=\"elementor-widget-container\">\n\t\t\t\t\t\t\t<div class=\"creativo-elements-post-categories\">\r\n\t\t\t<div class=\"post-categories flex items-center transition-all duration-300\">\r\n\t\t\t\t\t\t\t\t<span class=\"cr-post-categories-text\">\r\n\t\t\t\t\t<a href=\"https:\/\/ferencviktoria.eu\/en\/category\/news\/hungarians-in-transcarpathia\/\"title=\"View all posts in Hungarians in Transcarpathia\">Hungarians in Transcarpathia<\/a>, <a href=\"https:\/\/ferencviktoria.eu\/en\/category\/news\/war-in-ukraine\/\"title=\"View all posts in War in Ukraine\">War in Ukraine<\/a>\t\t\t\t<\/span>\r\n\t\t\t<\/div>\r\n\t\t<\/div>\r\n\t\t\t\t\t\t<\/div>\n\t\t\t\t<\/div>\n\t\t\t\t<div class=\"elementor-element elementor-element-52435b2 cr-fi-arrows-pos-middle elementor-widget elementor-widget-creativo_featured_image\" data-id=\"52435b2\" data-element_type=\"widget\" data-widget_type=\"creativo_featured_image.default\">\n\t\t\t\t<div class=\"elementor-widget-container\">\n\t\t\t\t\t\t\t\t<div class=\"creativo-elements-featured-image\">\r\n\t\t\t\t<div class=\"flex flex-col\">\r\n\t\t\t\t\t<div class=\"cr-featured-image-carousel\">\r\n\t\t\t\t\t\t<div class=\"cr-no-owl-carousel\" data-autoplay-en=\"true\" data-autoplay=\"700\" data-timeout=\"5000\" data-visible-items=\"1\" data-navigation=\"yes\" data-loop=\"true\" data-autoheight=\"true\" data-navi-type=\"arrows\" data-0=\"1\" data-768=\"1\" data-items-margin=\"0\">\t\t\t\t\r\n\t\t\t\t\t\t\t<div class=\"cr-featured-img\"><a href=\"https:\/\/ferencviktoria.eu\/en\/the-inaction-of-the-european-commission-costs-human-lives\/\" class=\"cr-no-popup\"><img loading=\"lazy\" decoding=\"async\" width=\"994\" height=\"570\" src=\"https:\/\/ferencviktoria.eu\/wp-content\/uploads\/2026\/02\/szerkesztett-994x570-1.jpeg\" class=\"w-full wp-post-image\" alt=\"Ferenc Vikt\u00f3ria\" srcset=\"https:\/\/ferencviktoria.eu\/wp-content\/uploads\/2026\/02\/szerkesztett-994x570-1.jpeg 994w, https:\/\/ferencviktoria.eu\/wp-content\/uploads\/2026\/02\/szerkesztett-994x570-1-300x172.jpeg 300w\" sizes=\"(max-width: 994px) 100vw, 994px\" \/><\/a><\/div>\t\t\t\t\t\t<\/div>\t\t\t\t\t\r\n\t\t\t\t\t<\/div>\r\n\t\t\t\t<\/div>\r\n\t\t\t<\/div>\r\n\t\t\t\t\t\t<\/div>\n\t\t\t\t<\/div>\n\t\t\t\t\t<\/div>\n\t\t<\/div>\n\t\t\t\t\t<\/div>\n\t\t<\/section>\n\t\t\t\t<div class=\"elementor-element elementor-element-0b45b41 cr-title-align-left elementor-widget elementor-widget-creativo_post_title\" data-id=\"0b45b41\" data-element_type=\"widget\" data-widget_type=\"creativo_post_title.default\">\n\t\t\t\t<div class=\"elementor-widget-container\">\n\t\t\t\t\t\t\t<div class=\"creativo-elements-post-title\">\r\n\t\t\t<a href=\"https:\/\/ferencviktoria.eu\/en\/the-inaction-of-the-european-commission-costs-human-lives\/\" class=\"post-read-more\">\t\t\t\t<h2 class=\"cr-text mb-0\">\r\n\t\t\t\t\tThe Inaction of the European Commission Costs Human Lives\t\t\t\t<\/h2>\r\n\t\t\t<\/a>\t\t<\/div>\r\n\t\t\t\t\t\t<\/div>\n\t\t\t\t<\/div>\n\t\t\t\t<div class=\"elementor-element elementor-element-4675ac4 cr-title-align-left elementor-widget elementor-widget-creativo_post_date\" data-id=\"4675ac4\" data-element_type=\"widget\" data-widget_type=\"creativo_post_date.default\">\n\t\t\t\t<div class=\"elementor-widget-container\">\n\t\t\t\t\t\t\t<div class=\"creativo-elements-post-date\">\r\n\t\t\t<div class=\"post-date flex items-center transition-all duration-300\">\r\n\t\t\t\t\t\t\t\t<span class=\"cr-post-date-text\">\r\n\t\t\t\t\t2026. February 10.\t\t\t\t<\/span>\r\n\t\t\t<\/div>\r\n\t\t<\/div>\r\n\t\t\t\t\t\t<\/div>\n\t\t\t\t<\/div>\n\t\t\t\t<div class=\"elementor-element elementor-element-cfebf45 cr-title-align-left elementor-widget elementor-widget-creativo_post_excerpt\" data-id=\"cfebf45\" data-element_type=\"widget\" data-widget_type=\"creativo_post_excerpt.default\">\n\t\t\t\t<div class=\"elementor-widget-container\">\n\t\t\t\t\t\t\t<div class=\"creativo-elements-post-excerpt inline-block\">\r\n\t\t\t<div class=\"post-excerpt inline-block\">\r\n\t\t\t\tAt the European Parliament (EP) plenary session on Monday evening, Vikt\u00f3ria Ferenc, MEP of Fidesz\u2013KDNP and the member of the...\t\t\t<\/div>\r\n\t\t<\/div>\r\n\t\t\t\t\t\t<\/div>\n\t\t\t\t<\/div>\n\t\t\t\t\t<\/div>\n\t\t<\/div>\n\t\t\t\t\t<\/div>\n\t\t<\/section>\n\t\t\t\t<\/div>\n\t\t\t\t\t\t\t\t\t\t<\/div>\r\n\t\t\t\t\t\t\t<\/div>\r\n\t\t\t\t\t\t\t\t\t\t\t\t\t\t<div class=\"creativo-blogpost relative\">\r\n\t\t\t\t\t\t\t\t<div class=\"cr-post-content cr-content-body\">\r\n\t\t\t\t\t\t\t\t\t\t\t<div data-elementor-type=\"wp-post\" data-elementor-id=\"359\" class=\"elementor elementor-359\">\n\t\t\t\t\t\t<section class=\"elementor-section elementor-top-section elementor-element elementor-element-6baa88d elementor-section-boxed elementor-section-height-default elementor-section-height-default creativo-sticky-disabled\" data-id=\"6baa88d\" data-element_type=\"section\" data-settings=\"{&quot;enable_creativo_sticky&quot;:&quot;disabled&quot;}\">\n\t\t\t\t\t\t<div class=\"elementor-container elementor-column-gap-default\">\n\t\t\t\t\t<div class=\"elementor-column elementor-col-100 elementor-top-column elementor-element elementor-element-03f78de\" data-id=\"03f78de\" data-element_type=\"column\">\n\t\t\t<div class=\"elementor-widget-wrap elementor-element-populated\">\n\t\t\t\t\t\t<section class=\"elementor-section elementor-inner-section elementor-element elementor-element-ceac1f2 elementor-section-boxed elementor-section-height-default elementor-section-height-default creativo-sticky-disabled\" data-id=\"ceac1f2\" data-element_type=\"section\" data-settings=\"{&quot;enable_creativo_sticky&quot;:&quot;disabled&quot;}\">\n\t\t\t\t\t\t<div class=\"elementor-container elementor-column-gap-default\">\n\t\t\t\t\t<div class=\"elementor-column elementor-col-100 elementor-inner-column elementor-element elementor-element-f429089\" data-id=\"f429089\" data-element_type=\"column\">\n\t\t\t<div class=\"elementor-widget-wrap elementor-element-populated\">\n\t\t\t\t\t\t<div class=\"elementor-element elementor-element-6bb5623 elementor-widget__width-auto elementor-absolute cats cr-title-align-left elementor-widget elementor-widget-creativo_post_categories\" data-id=\"6bb5623\" data-element_type=\"widget\" data-settings=\"{&quot;_position&quot;:&quot;absolute&quot;}\" data-widget_type=\"creativo_post_categories.default\">\n\t\t\t\t<div class=\"elementor-widget-container\">\n\t\t\t\t\t\t\t<div class=\"creativo-elements-post-categories\">\r\n\t\t\t<div class=\"post-categories flex items-center transition-all duration-300\">\r\n\t\t\t\t\t\t\t\t<span class=\"cr-post-categories-text\">\r\n\t\t\t\t\t<a href=\"https:\/\/ferencviktoria.eu\/en\/category\/news\/hungarians-in-transcarpathia\/\"title=\"View all posts in Hungarians in Transcarpathia\">Hungarians in Transcarpathia<\/a>, <a href=\"https:\/\/ferencviktoria.eu\/en\/category\/news\/war-in-ukraine\/\"title=\"View all posts in War in Ukraine\">War in Ukraine<\/a>\t\t\t\t<\/span>\r\n\t\t\t<\/div>\r\n\t\t<\/div>\r\n\t\t\t\t\t\t<\/div>\n\t\t\t\t<\/div>\n\t\t\t\t<div class=\"elementor-element elementor-element-52435b2 cr-fi-arrows-pos-middle elementor-widget elementor-widget-creativo_featured_image\" data-id=\"52435b2\" data-element_type=\"widget\" data-widget_type=\"creativo_featured_image.default\">\n\t\t\t\t<div class=\"elementor-widget-container\">\n\t\t\t\t\t\t\t\t<div class=\"creativo-elements-featured-image\">\r\n\t\t\t\t<div class=\"flex flex-col\">\r\n\t\t\t\t\t<div class=\"cr-featured-image-carousel\">\r\n\t\t\t\t\t\t<div class=\"cr-no-owl-carousel\" data-autoplay-en=\"true\" data-autoplay=\"700\" data-timeout=\"5000\" data-visible-items=\"1\" data-navigation=\"yes\" data-loop=\"true\" data-autoheight=\"true\" data-navi-type=\"arrows\" data-0=\"1\" data-768=\"1\" data-items-margin=\"0\">\t\t\t\t\r\n\t\t\t\t\t\t\t<div class=\"cr-featured-img\"><a href=\"https:\/\/ferencviktoria.eu\/en\/as-long-as-the-rights-of-the-hungarian-minority-in-transcarpathia-and-fundamental-human-rights-are-violated-ukraine-cannot-move-forward-on-the-path-toward-eu-accession-press-release-of-the-fidesz\/\" class=\"cr-no-popup\"><img loading=\"lazy\" decoding=\"async\" width=\"994\" height=\"570\" src=\"https:\/\/ferencviktoria.eu\/wp-content\/uploads\/2026\/01\/20260120-ep-197933a-de1-0124-1-994x570-1.jpg\" class=\"w-full wp-post-image\" alt=\"Ferenc Vikt\u00f3ria\" srcset=\"https:\/\/ferencviktoria.eu\/wp-content\/uploads\/2026\/01\/20260120-ep-197933a-de1-0124-1-994x570-1.jpg 994w, https:\/\/ferencviktoria.eu\/wp-content\/uploads\/2026\/01\/20260120-ep-197933a-de1-0124-1-994x570-1-300x172.jpg 300w\" sizes=\"(max-width: 994px) 100vw, 994px\" \/><\/a><\/div>\t\t\t\t\t\t<\/div>\t\t\t\t\t\r\n\t\t\t\t\t<\/div>\r\n\t\t\t\t<\/div>\r\n\t\t\t<\/div>\r\n\t\t\t\t\t\t<\/div>\n\t\t\t\t<\/div>\n\t\t\t\t\t<\/div>\n\t\t<\/div>\n\t\t\t\t\t<\/div>\n\t\t<\/section>\n\t\t\t\t<div class=\"elementor-element elementor-element-0b45b41 cr-title-align-left elementor-widget elementor-widget-creativo_post_title\" data-id=\"0b45b41\" data-element_type=\"widget\" data-widget_type=\"creativo_post_title.default\">\n\t\t\t\t<div class=\"elementor-widget-container\">\n\t\t\t\t\t\t\t<div class=\"creativo-elements-post-title\">\r\n\t\t\t<a href=\"https:\/\/ferencviktoria.eu\/en\/as-long-as-the-rights-of-the-hungarian-minority-in-transcarpathia-and-fundamental-human-rights-are-violated-ukraine-cannot-move-forward-on-the-path-toward-eu-accession-press-release-of-the-fidesz\/\" class=\"post-read-more\">\t\t\t\t<h2 class=\"cr-text mb-0\">\r\n\t\t\t\t\tAs Long as the Rights of the Hungarian Minority in Transcarpathia and Fundamental Human Rights Are Violated, Ukraine Cannot Move Forward on the Path Toward EU Accession Press Release of the Fidesz\u2013KDNP Group in the European Parliament\t\t\t\t<\/h2>\r\n\t\t\t<\/a>\t\t<\/div>\r\n\t\t\t\t\t\t<\/div>\n\t\t\t\t<\/div>\n\t\t\t\t<div class=\"elementor-element elementor-element-4675ac4 cr-title-align-left elementor-widget elementor-widget-creativo_post_date\" data-id=\"4675ac4\" data-element_type=\"widget\" data-widget_type=\"creativo_post_date.default\">\n\t\t\t\t<div class=\"elementor-widget-container\">\n\t\t\t\t\t\t\t<div class=\"creativo-elements-post-date\">\r\n\t\t\t<div class=\"post-date flex items-center transition-all duration-300\">\r\n\t\t\t\t\t\t\t\t<span class=\"cr-post-date-text\">\r\n\t\t\t\t\t2026. January 27.\t\t\t\t<\/span>\r\n\t\t\t<\/div>\r\n\t\t<\/div>\r\n\t\t\t\t\t\t<\/div>\n\t\t\t\t<\/div>\n\t\t\t\t<div class=\"elementor-element elementor-element-cfebf45 cr-title-align-left elementor-widget elementor-widget-creativo_post_excerpt\" data-id=\"cfebf45\" data-element_type=\"widget\" data-widget_type=\"creativo_post_excerpt.default\">\n\t\t\t\t<div class=\"elementor-widget-container\">\n\t\t\t\t\t\t\t<div class=\"creativo-elements-post-excerpt inline-block\">\r\n\t\t\t<div class=\"post-excerpt inline-block\">\r\n\t\t\t\tThe Fidesz\u2013KDNP Group in the European Parliament addressed a question to the European Commission at the end of last year...\t\t\t<\/div>\r\n\t\t<\/div>\r\n\t\t\t\t\t\t<\/div>\n\t\t\t\t<\/div>\n\t\t\t\t\t<\/div>\n\t\t<\/div>\n\t\t\t\t\t<\/div>\n\t\t<\/section>\n\t\t\t\t<\/div>\n\t\t\t\t\t\t\t\t\t\t<\/div>\r\n\t\t\t\t\t\t\t<\/div>\r\n\t\t\t\t\t\t\t\t\t\t\t\t\t\t<div class=\"creativo-blogpost relative\">\r\n\t\t\t\t\t\t\t\t<div class=\"cr-post-content cr-content-body\">\r\n\t\t\t\t\t\t\t\t\t\t\t<div data-elementor-type=\"wp-post\" data-elementor-id=\"359\" class=\"elementor elementor-359\">\n\t\t\t\t\t\t<section class=\"elementor-section elementor-top-section elementor-element elementor-element-6baa88d elementor-section-boxed elementor-section-height-default elementor-section-height-default creativo-sticky-disabled\" data-id=\"6baa88d\" data-element_type=\"section\" data-settings=\"{&quot;enable_creativo_sticky&quot;:&quot;disabled&quot;}\">\n\t\t\t\t\t\t<div class=\"elementor-container elementor-column-gap-default\">\n\t\t\t\t\t<div class=\"elementor-column elementor-col-100 elementor-top-column elementor-element elementor-element-03f78de\" data-id=\"03f78de\" data-element_type=\"column\">\n\t\t\t<div class=\"elementor-widget-wrap elementor-element-populated\">\n\t\t\t\t\t\t<section class=\"elementor-section elementor-inner-section elementor-element elementor-element-ceac1f2 elementor-section-boxed elementor-section-height-default elementor-section-height-default creativo-sticky-disabled\" data-id=\"ceac1f2\" data-element_type=\"section\" data-settings=\"{&quot;enable_creativo_sticky&quot;:&quot;disabled&quot;}\">\n\t\t\t\t\t\t<div class=\"elementor-container elementor-column-gap-default\">\n\t\t\t\t\t<div class=\"elementor-column elementor-col-100 elementor-inner-column elementor-element elementor-element-f429089\" data-id=\"f429089\" data-element_type=\"column\">\n\t\t\t<div class=\"elementor-widget-wrap elementor-element-populated\">\n\t\t\t\t\t\t<div class=\"elementor-element elementor-element-6bb5623 elementor-widget__width-auto elementor-absolute cats cr-title-align-left elementor-widget elementor-widget-creativo_post_categories\" data-id=\"6bb5623\" data-element_type=\"widget\" data-settings=\"{&quot;_position&quot;:&quot;absolute&quot;}\" data-widget_type=\"creativo_post_categories.default\">\n\t\t\t\t<div class=\"elementor-widget-container\">\n\t\t\t\t\t\t\t<div class=\"creativo-elements-post-categories\">\r\n\t\t\t<div class=\"post-categories flex items-center transition-all duration-300\">\r\n\t\t\t\t\t\t\t\t<span class=\"cr-post-categories-text\">\r\n\t\t\t\t\t<a href=\"https:\/\/ferencviktoria.eu\/en\/category\/news\/hungarians-in-transcarpathia\/\"title=\"View all posts in Hungarians in Transcarpathia\">Hungarians in Transcarpathia<\/a>\t\t\t\t<\/span>\r\n\t\t\t<\/div>\r\n\t\t<\/div>\r\n\t\t\t\t\t\t<\/div>\n\t\t\t\t<\/div>\n\t\t\t\t<div class=\"elementor-element elementor-element-52435b2 cr-fi-arrows-pos-middle elementor-widget elementor-widget-creativo_featured_image\" data-id=\"52435b2\" data-element_type=\"widget\" data-widget_type=\"creativo_featured_image.default\">\n\t\t\t\t<div class=\"elementor-widget-container\">\n\t\t\t\t\t\t\t\t<div class=\"creativo-elements-featured-image\">\r\n\t\t\t\t<div class=\"flex flex-col\">\r\n\t\t\t\t\t<div class=\"cr-featured-image-carousel\">\r\n\t\t\t\t\t\t<div class=\"cr-no-owl-carousel\" data-autoplay-en=\"true\" data-autoplay=\"700\" data-timeout=\"5000\" data-visible-items=\"1\" data-navigation=\"yes\" data-loop=\"true\" data-autoheight=\"true\" data-navi-type=\"arrows\" data-0=\"1\" data-768=\"1\" data-items-margin=\"0\">\t\t\t\t\r\n\t\t\t\t\t\t\t<div class=\"cr-featured-img\"><a href=\"https:\/\/ferencviktoria.eu\/en\/brussels-adopts-exclusionary-human-rights-document-national-minority-protection-left-out\/\" class=\"cr-no-popup\"><img loading=\"lazy\" decoding=\"async\" width=\"994\" height=\"570\" src=\"https:\/\/ferencviktoria.eu\/wp-content\/uploads\/2026\/01\/20260120-ep-197226j-ccr-ccr-0059-1aaa-1-994x570-1.jpg\" class=\"w-full wp-post-image\" alt=\"Ferenc Vikt\u00f3ria\" srcset=\"https:\/\/ferencviktoria.eu\/wp-content\/uploads\/2026\/01\/20260120-ep-197226j-ccr-ccr-0059-1aaa-1-994x570-1.jpg 994w, https:\/\/ferencviktoria.eu\/wp-content\/uploads\/2026\/01\/20260120-ep-197226j-ccr-ccr-0059-1aaa-1-994x570-1-300x172.jpg 300w\" sizes=\"(max-width: 994px) 100vw, 994px\" \/><\/a><\/div>\t\t\t\t\t\t<\/div>\t\t\t\t\t\r\n\t\t\t\t\t<\/div>\r\n\t\t\t\t<\/div>\r\n\t\t\t<\/div>\r\n\t\t\t\t\t\t<\/div>\n\t\t\t\t<\/div>\n\t\t\t\t\t<\/div>\n\t\t<\/div>\n\t\t\t\t\t<\/div>\n\t\t<\/section>\n\t\t\t\t<div class=\"elementor-element elementor-element-0b45b41 cr-title-align-left elementor-widget elementor-widget-creativo_post_title\" data-id=\"0b45b41\" data-element_type=\"widget\" data-widget_type=\"creativo_post_title.default\">\n\t\t\t\t<div class=\"elementor-widget-container\">\n\t\t\t\t\t\t\t<div class=\"creativo-elements-post-title\">\r\n\t\t\t<a href=\"https:\/\/ferencviktoria.eu\/en\/brussels-adopts-exclusionary-human-rights-document-national-minority-protection-left-out\/\" class=\"post-read-more\">\t\t\t\t<h2 class=\"cr-text mb-0\">\r\n\t\t\t\t\tBrussels Adopts Exclusionary Human Rights Document \u2013 National Minority Protection Left Out\t\t\t\t<\/h2>\r\n\t\t\t<\/a>\t\t<\/div>\r\n\t\t\t\t\t\t<\/div>\n\t\t\t\t<\/div>\n\t\t\t\t<div class=\"elementor-element elementor-element-4675ac4 cr-title-align-left elementor-widget elementor-widget-creativo_post_date\" data-id=\"4675ac4\" data-element_type=\"widget\" data-widget_type=\"creativo_post_date.default\">\n\t\t\t\t<div class=\"elementor-widget-container\">\n\t\t\t\t\t\t\t<div class=\"creativo-elements-post-date\">\r\n\t\t\t<div class=\"post-date flex items-center transition-all duration-300\">\r\n\t\t\t\t\t\t\t\t<span class=\"cr-post-date-text\">\r\n\t\t\t\t\t2026. January 21.\t\t\t\t<\/span>\r\n\t\t\t<\/div>\r\n\t\t<\/div>\r\n\t\t\t\t\t\t<\/div>\n\t\t\t\t<\/div>\n\t\t\t\t<div class=\"elementor-element elementor-element-cfebf45 cr-title-align-left elementor-widget elementor-widget-creativo_post_excerpt\" data-id=\"cfebf45\" data-element_type=\"widget\" data-widget_type=\"creativo_post_excerpt.default\">\n\t\t\t\t<div class=\"elementor-widget-container\">\n\t\t\t\t\t\t\t<div class=\"creativo-elements-post-excerpt inline-block\">\r\n\t\t\t<div class=\"post-excerpt inline-block\">\r\n\t\t\t\tDuring its plenary session last night, the European Parliament debated the 2025 report assessing the global state of human rights...\t\t\t<\/div>\r\n\t\t<\/div>\r\n\t\t\t\t\t\t<\/div>\n\t\t\t\t<\/div>\n\t\t\t\t\t<\/div>\n\t\t<\/div>\n\t\t\t\t\t<\/div>\n\t\t<\/section>\n\t\t\t\t<\/div>\n\t\t\t\t\t\t\t\t\t\t<\/div>\r\n\t\t\t\t\t\t\t<\/div>\r\n\t\t\t\t\t\t\t\t\t\t\t\t\t\t<div class=\"creativo-blogpost relative\">\r\n\t\t\t\t\t\t\t\t<div class=\"cr-post-content cr-content-body\">\r\n\t\t\t\t\t\t\t\t\t\t\t<div data-elementor-type=\"wp-post\" data-elementor-id=\"359\" class=\"elementor elementor-359\">\n\t\t\t\t\t\t<section class=\"elementor-section elementor-top-section elementor-element elementor-element-6baa88d elementor-section-boxed elementor-section-height-default elementor-section-height-default creativo-sticky-disabled\" data-id=\"6baa88d\" data-element_type=\"section\" data-settings=\"{&quot;enable_creativo_sticky&quot;:&quot;disabled&quot;}\">\n\t\t\t\t\t\t<div class=\"elementor-container elementor-column-gap-default\">\n\t\t\t\t\t<div class=\"elementor-column elementor-col-100 elementor-top-column elementor-element elementor-element-03f78de\" data-id=\"03f78de\" data-element_type=\"column\">\n\t\t\t<div class=\"elementor-widget-wrap elementor-element-populated\">\n\t\t\t\t\t\t<section class=\"elementor-section elementor-inner-section elementor-element elementor-element-ceac1f2 elementor-section-boxed elementor-section-height-default elementor-section-height-default creativo-sticky-disabled\" data-id=\"ceac1f2\" data-element_type=\"section\" data-settings=\"{&quot;enable_creativo_sticky&quot;:&quot;disabled&quot;}\">\n\t\t\t\t\t\t<div class=\"elementor-container elementor-column-gap-default\">\n\t\t\t\t\t<div class=\"elementor-column elementor-col-100 elementor-inner-column elementor-element elementor-element-f429089\" data-id=\"f429089\" data-element_type=\"column\">\n\t\t\t<div class=\"elementor-widget-wrap elementor-element-populated\">\n\t\t\t\t\t\t<div class=\"elementor-element elementor-element-6bb5623 elementor-widget__width-auto elementor-absolute cats cr-title-align-left elementor-widget elementor-widget-creativo_post_categories\" data-id=\"6bb5623\" data-element_type=\"widget\" data-settings=\"{&quot;_position&quot;:&quot;absolute&quot;}\" data-widget_type=\"creativo_post_categories.default\">\n\t\t\t\t<div class=\"elementor-widget-container\">\n\t\t\t\t\t\t\t<div class=\"creativo-elements-post-categories\">\r\n\t\t\t<div class=\"post-categories flex items-center transition-all duration-300\">\r\n\t\t\t\t\t\t\t\t<span class=\"cr-post-categories-text\">\r\n\t\t\t\t\t<a href=\"https:\/\/ferencviktoria.eu\/en\/category\/news\/public-health\/\"title=\"View all posts in Public health\">Public health<\/a>\t\t\t\t<\/span>\r\n\t\t\t<\/div>\r\n\t\t<\/div>\r\n\t\t\t\t\t\t<\/div>\n\t\t\t\t<\/div>\n\t\t\t\t<div class=\"elementor-element elementor-element-52435b2 cr-fi-arrows-pos-middle elementor-widget elementor-widget-creativo_featured_image\" data-id=\"52435b2\" data-element_type=\"widget\" data-widget_type=\"creativo_featured_image.default\">\n\t\t\t\t<div class=\"elementor-widget-container\">\n\t\t\t\t\t\t\t\t<div class=\"creativo-elements-featured-image\">\r\n\t\t\t\t<div class=\"flex flex-col\">\r\n\t\t\t\t\t<div class=\"cr-featured-image-carousel\">\r\n\t\t\t\t\t\t<div class=\"cr-no-owl-carousel\" data-autoplay-en=\"true\" data-autoplay=\"700\" data-timeout=\"5000\" data-visible-items=\"1\" data-navigation=\"yes\" data-loop=\"true\" data-autoheight=\"true\" data-navi-type=\"arrows\" data-0=\"1\" data-768=\"1\" data-items-margin=\"0\">\t\t\t\t\r\n\t\t\t\t\t\t\t<div class=\"cr-featured-img\"><a href=\"https:\/\/ferencviktoria.eu\/en\/europes-pharmaceutical-supply-security-cannot-be-delayed\/\" class=\"cr-no-popup\"><img loading=\"lazy\" decoding=\"async\" width=\"994\" height=\"570\" src=\"https:\/\/ferencviktoria.eu\/wp-content\/uploads\/2026\/01\/20260120-ep-197933a-de1-0192-994x570-1.jpg\" class=\"w-full wp-post-image\" alt=\"\" srcset=\"https:\/\/ferencviktoria.eu\/wp-content\/uploads\/2026\/01\/20260120-ep-197933a-de1-0192-994x570-1.jpg 994w, https:\/\/ferencviktoria.eu\/wp-content\/uploads\/2026\/01\/20260120-ep-197933a-de1-0192-994x570-1-300x172.jpg 300w\" sizes=\"(max-width: 994px) 100vw, 994px\" \/><\/a><\/div>\t\t\t\t\t\t<\/div>\t\t\t\t\t\r\n\t\t\t\t\t<\/div>\r\n\t\t\t\t<\/div>\r\n\t\t\t<\/div>\r\n\t\t\t\t\t\t<\/div>\n\t\t\t\t<\/div>\n\t\t\t\t\t<\/div>\n\t\t<\/div>\n\t\t\t\t\t<\/div>\n\t\t<\/section>\n\t\t\t\t<div class=\"elementor-element elementor-element-0b45b41 cr-title-align-left elementor-widget elementor-widget-creativo_post_title\" data-id=\"0b45b41\" data-element_type=\"widget\" data-widget_type=\"creativo_post_title.default\">\n\t\t\t\t<div class=\"elementor-widget-container\">\n\t\t\t\t\t\t\t<div class=\"creativo-elements-post-title\">\r\n\t\t\t<a href=\"https:\/\/ferencviktoria.eu\/en\/europes-pharmaceutical-supply-security-cannot-be-delayed\/\" class=\"post-read-more\">\t\t\t\t<h2 class=\"cr-text mb-0\">\r\n\t\t\t\t\tEurope\u2019s pharmaceutical supply security cannot be delayed\t\t\t\t<\/h2>\r\n\t\t\t<\/a>\t\t<\/div>\r\n\t\t\t\t\t\t<\/div>\n\t\t\t\t<\/div>\n\t\t\t\t<div class=\"elementor-element elementor-element-4675ac4 cr-title-align-left elementor-widget elementor-widget-creativo_post_date\" data-id=\"4675ac4\" data-element_type=\"widget\" data-widget_type=\"creativo_post_date.default\">\n\t\t\t\t<div class=\"elementor-widget-container\">\n\t\t\t\t\t\t\t<div class=\"creativo-elements-post-date\">\r\n\t\t\t<div class=\"post-date flex items-center transition-all duration-300\">\r\n\t\t\t\t\t\t\t\t<span class=\"cr-post-date-text\">\r\n\t\t\t\t\t2026. January 21.\t\t\t\t<\/span>\r\n\t\t\t<\/div>\r\n\t\t<\/div>\r\n\t\t\t\t\t\t<\/div>\n\t\t\t\t<\/div>\n\t\t\t\t<div class=\"elementor-element elementor-element-cfebf45 cr-title-align-left elementor-widget elementor-widget-creativo_post_excerpt\" data-id=\"cfebf45\" data-element_type=\"widget\" data-widget_type=\"creativo_post_excerpt.default\">\n\t\t\t\t<div class=\"elementor-widget-container\">\n\t\t\t\t\t\t\t<div class=\"creativo-elements-post-excerpt inline-block\">\r\n\t\t\t<div class=\"post-excerpt inline-block\">\r\n\t\t\t\tAt the European Parliament\u2019s plenary session on Tuesday, MEPs adopted the Parliament\u2019s position on critical medicines. Vikt\u00f3ria Ferenc, MEP for...\t\t\t<\/div>\r\n\t\t<\/div>\r\n\t\t\t\t\t\t<\/div>\n\t\t\t\t<\/div>\n\t\t\t\t\t<\/div>\n\t\t<\/div>\n\t\t\t\t\t<\/div>\n\t\t<\/section>\n\t\t\t\t<\/div>\n\t\t\t\t\t\t\t\t\t\t<\/div>\r\n\t\t\t\t\t\t\t<\/div>\r\n\t\t\t\t\t\t\t\t\t\t\t<\/div>\r\n\t\t\t\t<div class=\"creativo-elements-post-pagination flex\">\r\n\t\t\t\t\t<div class=\"cr-posts-pagination flex flex-wrap\"><div class=\"cr-pagination-prev-wrap flex items-center\"><\/div><div class=\"cr-posts-navigation-numbers flex flex-wrap items-center\"><span class=\"cr-current block mr-3 mb-3 rounded text-sm border text-center border-gray-300\">1<\/span><a href=\"https:\/\/ferencviktoria.eu\/en\/wp-json\/wp\/v2\/pages\/668\/page\/2\/\" class=\"inactive transition-all duration-100 block mr-3 mb-3 rounded text-sm border text-center border-gray-300\" >2<\/a><a href=\"https:\/\/ferencviktoria.eu\/en\/wp-json\/wp\/v2\/pages\/668\/page\/3\/\" class=\"inactive transition-all duration-100 block mr-3 mb-3 rounded text-sm border text-center border-gray-300\" >3<\/a><a href=\"https:\/\/ferencviktoria.eu\/en\/wp-json\/wp\/v2\/pages\/668\/page\/4\/\" class=\"inactive transition-all duration-100 block mr-3 mb-3 rounded text-sm border text-center border-gray-300\" >4<\/a><\/div><div class=\"cr-pagination-next-wrap flex items-center\"><a class=\"cr-pagination-next block transition-all duration-100 mb-3 rounded text-sm border text-center border-gray-300\" href=\"https:\/\/ferencviktoria.eu\/en\/wp-json\/wp\/v2\/pages\/668\/page\/2\/\"><i class=\"fa fa-angle-right\"><\/i><\/a><\/div><\/div>\t\t\t\t<\/div>\r\n\t\t\t<\/section>\r\n\t\t<\/div>\r\n\t\t\t\t\t\t<\/div>\n\t\t\t\t<\/div>\n\t\t\t\t\t<\/div>\n\t\t<\/div>\n\t\t\t\t\t<\/div>\n\t\t<\/section>\n\t\t\t\t<\/div>\n\t\t","protected":false},"excerpt":{"rendered":"<p>News H\u00e1bor\u00fa Ukrajn\u00e1ban Ment\u00e1lis\u00a0Eg\u00e9szs\u00e9g Vil\u00e1gnapja: legyen m\u00e1r b\u00e9ke! okt\u00f3ber 10, 2024 Az Eur\u00f3pai&nbsp;Parlament k\u00e9pvisel\u0151i a mai napon&nbsp;a&nbsp;Ment\u00e1lis Eg\u00e9szs\u00e9g Vil\u00e1gnapja alkalm\u00e1b\u00f3l&nbsp;vit\u00e1ztak a jelenlegi uni\u00f3s helyzetr\u0151l.&nbsp;Ferenc Vikt\u00f3ria,&nbsp;k\u00e1rp\u00e1taljai&nbsp;fideszes&nbsp;EP-k\u00e9pvisel\u0151, a Patri\u00f3t\u00e1k Eur\u00f3p\u00e1\u00e9rt k\u00e9pvisel\u0151csoport tagja&nbsp;a&nbsp;koronav\u00edrus j\u00e1rv\u00e1ny&#8230; K\u00e1rp\u00e1taljai magyars\u00e1g K\u00f6vetelj\u00fck, hogy az Eur\u00f3pai Uni\u00f3 vegye v\u00e9gre komolyan a k\u00e1rp\u00e1taljai magyar k\u00f6z\u00f6ss\u00e9g jogait! j\u00falius 18, 2025 Az Eur\u00f3pai Parlament K\u00fcl\u00fcgyi Bizotts\u00e1ga a&#8230;<\/p>\n","protected":false},"author":1,"featured_media":0,"parent":0,"menu_order":0,"comment_status":"closed","ping_status":"closed","template":"elementor_header_footer","meta":{"give_campaign_id":0,"_seopress_robots_primary_cat":"","_seopress_titles_title":"","_seopress_titles_desc":"","_seopress_robots_index":"","footnotes":""},"class_list":["post-668","page","type-page","status-publish","hentry"],"campaignId":"","_links":{"self":[{"href":"https:\/\/ferencviktoria.eu\/en\/wp-json\/wp\/v2\/pages\/668","targetHints":{"allow":["GET"]}}],"collection":[{"href":"https:\/\/ferencviktoria.eu\/en\/wp-json\/wp\/v2\/pages"}],"about":[{"href":"https:\/\/ferencviktoria.eu\/en\/wp-json\/wp\/v2\/types\/page"}],"author":[{"embeddable":true,"href":"https:\/\/ferencviktoria.eu\/en\/wp-json\/wp\/v2\/users\/1"}],"replies":[{"embeddable":true,"href":"https:\/\/ferencviktoria.eu\/en\/wp-json\/wp\/v2\/comments?post=668"}],"version-history":[{"count":4,"href":"https:\/\/ferencviktoria.eu\/en\/wp-json\/wp\/v2\/pages\/668\/revisions"}],"predecessor-version":[{"id":996,"href":"https:\/\/ferencviktoria.eu\/en\/wp-json\/wp\/v2\/pages\/668\/revisions\/996"}],"wp:attachment":[{"href":"https:\/\/ferencviktoria.eu\/en\/wp-json\/wp\/v2\/media?parent=668"}],"curies":[{"name":"wp","href":"https:\/\/api.w.org\/{rel}","templated":true}]}}